{"id":7773,"date":"2021-02-10T08:53:37","date_gmt":"2021-02-10T07:53:37","guid":{"rendered":"http:\/\/ecn.kielce.pl\/?page_id=7773"},"modified":"2021-02-10T08:55:06","modified_gmt":"2021-02-10T07:55:06","slug":"dlaczego-bez-slonca-nie-byloby-wiatru","status":"publish","type":"page","link":"https:\/\/ecn.kielce.pl\/index.php\/pl\/oferta\/ecn-on-line\/eco-friendly-z-projektem-green-thinking\/dlaczego-bez-slonca-nie-byloby-wiatru\/","title":{"rendered":"Dlaczego bez s\u0142o\u0144ca nie by\u0142oby wiatru?"},"content":{"rendered":"\n<p><strong>Wiatr to masa powietrza, kt\u00f3ra przemieszcza si\u0119 poziomo lub prawie poziomo nad powierzchni\u0105 ziemi.<\/strong> <!--more--><\/p>\n<hr \/>\n<p>Aby ruch ten by\u0142 w og\u00f3le mo\u017cliwy, najpierw promienie s\u0142oneczne musz\u0105 ogrza\u0107 powierzchni\u0119 globu. Jednak proces ten nie jest r\u00f3wnomierny, bowiem ska\u0142y nagrzewaj\u0105 si\u0119 szybciej ni\u017c woda, a rejony ciemniejsze szybciej ni\u017c jasne, przez co powstaje r\u00f3\u017cnica temperatur. W\u00f3wczas dochodzi do zmian ci\u015bnienia atmosferycznego, poniewa\u017c powietrze ciep\u0142e wywiera inne ci\u015bnienie na powierzchni\u0119 Ziemi ni\u017c ch\u0142odne. Ciep\u0142e powietrze jest l\u017cejsze, dlatego unosi si\u0119 do g\u00f3ry (sprawd\u017a na tym <a href=\"http:\/\/ecn.kielce.pl\/wp-content\/uploads\/2021\/02\/powietrze.mp4\"><strong>filmiku<\/strong><\/a>), a jego ci\u015bnienie si\u0119 zmniejsza, natomiast kiedy powietrze opada, ci\u015bnienie ro\u015bnie. Przep\u0142yw powietrza odbywa si\u0119 z miejsca o wy\u017cszym ci\u015bnieniu do miejsca o ci\u015bnieniu ni\u017cszym i to w\u0142a\u015bnie jest wiatr.<\/p>\n","protected":false},"excerpt":{"rendered":"<p>Wiatr to masa powietrza, kt\u00f3ra przemieszcza si\u0119 poziomo lub prawie poziomo nad powierzchni\u0105 ziemi.<\/p>\n","protected":false},"author":2,"featured_media":7770,"parent":7671,"menu_order":7,"comment_status":"closed","ping_status":"closed","template":"pt_oferta.php","meta":{"_links_to":"","_links_to_target":""},"_links":{"self":[{"href":"https:\/\/ecn.kielce.pl\/index.php\/wp-json\/wp\/v2\/pages\/7773"}],"collection":[{"href":"https:\/\/ecn.kielce.pl\/index.php\/wp-json\/wp\/v2\/pages"}],"about":[{"href":"https:\/\/ecn.kielce.pl\/index.php\/wp-json\/wp\/v2\/types\/page"}],"author":[{"embeddable":true,"href":"https:\/\/ecn.kielce.pl\/index.php\/wp-json\/wp\/v2\/users\/2"}],"replies":[{"embeddable":true,"href":"https:\/\/ecn.kielce.pl\/index.php\/wp-json\/wp\/v2\/comments?post=7773"}],"version-history":[{"count":2,"href":"https:\/\/ecn.kielce.pl\/index.php\/wp-json\/wp\/v2\/pages\/7773\/revisions"}],"predecessor-version":[{"id":7775,"href":"https:\/\/ecn.kielce.pl\/index.php\/wp-json\/wp\/v2\/pages\/7773\/revisions\/7775"}],"up":[{"embeddable":true,"href":"https:\/\/ecn.kielce.pl\/index.php\/wp-json\/wp\/v2\/pages\/7671"}],"wp:featuredmedia":[{"embeddable":true,"href":"https:\/\/ecn.kielce.pl\/index.php\/wp-json\/wp\/v2\/media\/7770"}],"wp:attachment":[{"href":"https:\/\/ecn.kielce.pl\/index.php\/wp-json\/wp\/v2\/media?parent=7773"}],"curies":[{"name":"wp","href":"https:\/\/api.w.org\/{rel}","templated":true}]}}