{"id":7751,"date":"2021-01-27T08:42:32","date_gmt":"2021-01-27T07:42:32","guid":{"rendered":"http:\/\/ecn.kielce.pl\/?page_id=7751"},"modified":"2021-01-27T08:57:08","modified_gmt":"2021-01-27T07:57:08","slug":"energia-wiatru-i-farmy-wiatrowe","status":"publish","type":"page","link":"https:\/\/ecn.kielce.pl\/index.php\/pl\/oferta\/ecn-on-line\/eco-friendly-z-projektem-green-thinking\/energia-wiatru-i-farmy-wiatrowe\/","title":{"rendered":"Energia wiatru i farmy wiatrowe"},"content":{"rendered":"\n<p><strong>Wi\u0119kszo\u015b\u0107 energii wiatru wykorzystywanej przez ludzi generowana jest za pomoc\u0105 olbrzymich turbin o kszta\u0142cie \u015bmig\u0142a.<\/strong> <!--more--><\/p>\n<p>S\u0105 one du\u017ce, dlatego musz\u0105 by\u0107 budowane z dala od dom\u00f3w. Dla efektywnego wykorzystania wiatru turbiny ustawia si\u0119 w skupiskach na tzw. farmach wiatrowych.<\/p>\n<p>Wiatr, przep\u0142ywaj\u0105c wok\u00f3\u0142 \u0142opatki \u015bmig\u0142a, generuje dwie si\u0142y: si\u0142\u0119 no\u015bn\u0105 i si\u0142\u0119 oporu. Suma ich dzia\u0142ania to tzw. si\u0142a aerodynamiczna, kt\u00f3ra nap\u0119dza turbin\u0119. Najcz\u0119\u015bciej turbiny wiatrowe sk\u0142adaj\u0105 si\u0119 z trzech takich \u0142opatek.<\/p>\n<p>Elektrownie wiatrowe buduje si\u0119 tam, gdzie wieje silny i stabilny wiatr. Idealne do tego s\u0105 tereny nadmorskie. Wybrze\u017ce Morza Ba\u0142tyckiego pe\u0142ne jest farm wiatrowych, zar\u00f3wno morskich jak i naziemnych. Du\u017c\u0105 farm\u0119 wiatrow\u0105 mo\u017cesz zobaczy\u0107 np. pod W\u0142adys\u0142awowem.<\/p>\n<p><strong>Dzia\u0142anie<\/strong><\/p>\n<p>Turbiny mog\u0105 obraca\u0107 si\u0119 w kierunku wiatru, lecz z powodu ich masy obr\u00f3t jest bardzo powolny i energoch\u0142onny. Dlatego najlepiej, gdy turbiny pracuj\u0105 w miejscach, gdzie wiatr przez d\u0142ugi czas wieje w jednym kierunku.<\/p>\n<p><strong>Wydajno\u015b\u0107<\/strong><\/p>\n<p>Aby horyzontalne turbiny \u015bmig\u0142owe dzia\u0142a\u0142y wydajnie i op\u0142acalnie, powinny by\u0107 wyposa\u017cone w \u0142opaty o d\u0142ugo\u015bci oko\u0142o 25 m, umieszczone na wysoko\u015bci co najmniej 50 m. Minimalna wymagana pr\u0119dko\u015b\u0107 wiatru wynosi 15 km\/h, a optymalna 50\u201390 km\/h.<\/p>\n<p><strong>Przekr\u00f3j i si\u0142a<\/strong><\/p>\n<p>Wielkie turbiny pozwalaj\u0105 wykorzystywa\u0107 si\u0142\u0119 wiatru na du\u017c\u0105 skal\u0119. Pojedyncze farmy wiatrowe potrafi\u0105 generowa\u0107 du\u017co energii, kt\u00f3r\u0105 mo\u017cna wprowadzi\u0107 do sieci energetycznej. Do niedawna sporym problemem by\u0142 powstaj\u0105cy przy obrocie ha\u0142as. Obecnie produkuje si\u0119 na tyle ciche urz\u0105dzenia, \u017ce mo\u017cliwe jest ustawianie ich ju\u017c 150 m od osiedli ludzkich.<\/p>\n","protected":false},"excerpt":{"rendered":"<p>Wi\u0119kszo\u015b\u0107 energii wiatru wykorzystywanej przez ludzi generowana jest za pomoc\u0105 olbrzymich turbin o kszta\u0142cie \u015bmig\u0142a.<\/p>\n","protected":false},"author":2,"featured_media":7734,"parent":7671,"menu_order":5,"comment_status":"closed","ping_status":"closed","template":"pt_oferta.php","meta":{"_links_to":"","_links_to_target":""},"_links":{"self":[{"href":"https:\/\/ecn.kielce.pl\/index.php\/wp-json\/wp\/v2\/pages\/7751"}],"collection":[{"href":"https:\/\/ecn.kielce.pl\/index.php\/wp-json\/wp\/v2\/pages"}],"about":[{"href":"https:\/\/ecn.kielce.pl\/index.php\/wp-json\/wp\/v2\/types\/page"}],"author":[{"embeddable":true,"href":"https:\/\/ecn.kielce.pl\/index.php\/wp-json\/wp\/v2\/users\/2"}],"replies":[{"embeddable":true,"href":"https:\/\/ecn.kielce.pl\/index.php\/wp-json\/wp\/v2\/comments?post=7751"}],"version-history":[{"count":2,"href":"https:\/\/ecn.kielce.pl\/index.php\/wp-json\/wp\/v2\/pages\/7751\/revisions"}],"predecessor-version":[{"id":7757,"href":"https:\/\/ecn.kielce.pl\/index.php\/wp-json\/wp\/v2\/pages\/7751\/revisions\/7757"}],"up":[{"embeddable":true,"href":"https:\/\/ecn.kielce.pl\/index.php\/wp-json\/wp\/v2\/pages\/7671"}],"wp:featuredmedia":[{"embeddable":true,"href":"https:\/\/ecn.kielce.pl\/index.php\/wp-json\/wp\/v2\/media\/7734"}],"wp:attachment":[{"href":"https:\/\/ecn.kielce.pl\/index.php\/wp-json\/wp\/v2\/media?parent=7751"}],"curies":[{"name":"wp","href":"https:\/\/api.w.org\/{rel}","templated":true}]}}