{"id":7641,"date":"2020-12-24T09:00:00","date_gmt":"2020-12-24T08:00:00","guid":{"rendered":"http:\/\/ecn.kielce.pl\/?page_id=7641"},"modified":"2020-12-23T09:25:31","modified_gmt":"2020-12-23T08:25:31","slug":"24-grudnia","status":"publish","type":"page","link":"https:\/\/ecn.kielce.pl\/index.php\/pl\/oferta\/ecn-on-line\/naukowy-kalendarz-adwentowy-ecn\/24-grudnia\/","title":{"rendered":"24 grudnia"},"content":{"rendered":"\n<p><strong>Dzi\u015b 24 grudnia, czyli Wigilia Bo\u017cego Narodzenia. Czekali\u015bmy na ten dzie\u0144 ca\u0142y rok i oto jest! W salonie kr\u00f3luje przyozdobiona choinka, a z kuchni dobiega nas zapach \u015bwi\u0105tecznych potraw.<\/strong> <!--more--><\/p>\n<p>W podnios\u0142ych nastrojach oczekujemy ju\u017c tylko pierwszej gwiazdki na niebie, by w gronie najbli\u017cszej rodziny zasi\u0105\u015b\u0107 do uroczystej wieczerzy. A o kt\u00f3rej godzinie najlepiej spojrze\u0107 w niebo? Ju\u017c odpowiadamy! Dzi\u015b S\u0142o\u0144ce w naszym mie\u015bcie zajdzie wyj\u0105tkowo wcze\u015bnie, bo o godzinie 15.34 i ju\u017c wtedy mo\u017cemy zacz\u0105\u0107 wypatrywa\u0107 pierwszej gwiazdki. Ma\u0142o kto jednak wie, \u017ce ten \u015bwiec\u0105cy punkcik na niebie tak naprawd\u0119 jest\u2026 planet\u0105! Dzi\u015b b\u0119dzie to najprawdopodobniej Wenus, zwana Gwiazd\u0105 Wieczorn\u0105, kt\u00f3ra b\u0119dzie \u015bwieci\u0107 swym jasnym blaskiem po po\u0142udniowo \u2013 zachodniej stronie nieba. Je\u015bli jednak chcemy wypatrzy\u0107 prawdziw\u0105 pierwsz\u0105 gwiazd\u0119, powinni\u015bmy zaczeka\u0107 jeszcze p\u00f3\u0142 godziny i spojrze\u0107 w kierunku wschodniej strony. Tam oko\u0142o godziny 16.00 pojawi si\u0119 na niebie Kapella, najja\u015bniejsza gwiazda z konstelacji Wo\u017anicy. Gdy zauwa\u017cymy ten najja\u015bniejszy punkt na niebie nie pozostaje nam nic innego, jak tylko z\u0142o\u017cy\u0107 sobie wzajemnie \u017cyczenia, prze\u0142ama\u0107 si\u0119 op\u0142atkiem i zasi\u0105\u015b\u0107 do sto\u0142u, by rozpocz\u0105\u0107 wigilijn\u0105 kolacj\u0119. Dlatego te\u017c \u017cyczymy Wam smacznych potraw okraszonych du\u017c\u0105 ilo\u015bci\u0105 magii na ca\u0142y ten \u015bwi\u0105tecznym czas!<\/p>\n","protected":false},"excerpt":{"rendered":"<p>Dzi\u015b 24 grudnia, czyli Wigilia Bo\u017cego Narodzenia. Czekali\u015bmy na ten dzie\u0144 ca\u0142y rok i oto jest! W salonie kr\u00f3luje przyozdobiona choinka, a z kuchni dobiega nas zapach \u015bwi\u0105tecznych potraw.<\/p>\n","protected":false},"author":2,"featured_media":7637,"parent":7483,"menu_order":24,"comment_status":"closed","ping_status":"closed","template":"pt_oferta.php","meta":{"_links_to":"","_links_to_target":""},"_links":{"self":[{"href":"https:\/\/ecn.kielce.pl\/index.php\/wp-json\/wp\/v2\/pages\/7641"}],"collection":[{"href":"https:\/\/ecn.kielce.pl\/index.php\/wp-json\/wp\/v2\/pages"}],"about":[{"href":"https:\/\/ecn.kielce.pl\/index.php\/wp-json\/wp\/v2\/types\/page"}],"author":[{"embeddable":true,"href":"https:\/\/ecn.kielce.pl\/index.php\/wp-json\/wp\/v2\/users\/2"}],"replies":[{"embeddable":true,"href":"https:\/\/ecn.kielce.pl\/index.php\/wp-json\/wp\/v2\/comments?post=7641"}],"version-history":[{"count":2,"href":"https:\/\/ecn.kielce.pl\/index.php\/wp-json\/wp\/v2\/pages\/7641\/revisions"}],"predecessor-version":[{"id":7670,"href":"https:\/\/ecn.kielce.pl\/index.php\/wp-json\/wp\/v2\/pages\/7641\/revisions\/7670"}],"up":[{"embeddable":true,"href":"https:\/\/ecn.kielce.pl\/index.php\/wp-json\/wp\/v2\/pages\/7483"}],"wp:featuredmedia":[{"embeddable":true,"href":"https:\/\/ecn.kielce.pl\/index.php\/wp-json\/wp\/v2\/media\/7637"}],"wp:attachment":[{"href":"https:\/\/ecn.kielce.pl\/index.php\/wp-json\/wp\/v2\/media?parent=7641"}],"curies":[{"name":"wp","href":"https:\/\/api.w.org\/{rel}","templated":true}]}}