{"id":7639,"date":"2020-12-21T09:00:00","date_gmt":"2020-12-21T08:00:00","guid":{"rendered":"http:\/\/ecn.kielce.pl\/?page_id=7639"},"modified":"2020-12-23T08:51:56","modified_gmt":"2020-12-23T07:51:56","slug":"21-grudnia","status":"publish","type":"page","link":"https:\/\/ecn.kielce.pl\/index.php\/pl\/oferta\/ecn-on-line\/naukowy-kalendarz-adwentowy-ecn\/21-grudnia\/","title":{"rendered":"21 grudnia"},"content":{"rendered":"\n<p><strong>Dzi\u015b poniedzia\u0142ek, 21 grudnia. Dla niekt\u00f3rych to po prostu kolejna data w kalendarzu, ale pod wieloma wzgl\u0119dami ten 356 dzie\u0144 2020 roku jest wyj\u0105tkowy. Dlaczego? Czym r\u00f3\u017cni si\u0119 od wszystkich pozosta\u0142ych?<\/strong> <!--more--><\/p>\n<p>Zapewne przychodzi Wam teraz na my\u015bl wiele powod\u00f3w. Jednym z nich jest niew\u0105tpliwie fakt wyst\u0105pienia przesilenia zimowego, czyli najkr\u00f3tszego dnia w skali roku. W\u00f3wczas trwa on jedynie 7 godzin, 13 minut i 26 sekund. Oznacza to, \u017ce przez ponad 16 godzin b\u0119dzie ciemno! Gdyby jednak to nie wystarcza\u0142o, aby uzna\u0107 go za niezwyk\u0142y, to r\u00f3wnie\u017c dzi\u015b rozpoczyna si\u0119 astronomiczna zima. Brrr! Ale pami\u0119tajcie, jak jest zima, to musi by\u0107 zimno \ud83d\ude42\u00a0 Gdyby jednak na kim\u015b te informacje nie zrobi\u0142y jeszcze wra\u017cenia, to podamy Wam ku temu trzeci pow\u00f3d. A mianowicie w\u0142a\u015bnie dzi\u015b, po blisko 800 latach, b\u0119dziemy mogli zobaczy\u0107 na niebie Gwiazd\u0119 Betlejemsk\u0105! To niezwyk\u0142e zjawisko, kt\u00f3re tak naprawd\u0119 jest koniunkcj\u0105 dw\u00f3ch planet, jest uzale\u017cnione od ich obrotu wok\u00f3\u0142 S\u0142o\u0144ca. Jowisz potrzebuje na to 12 lat, a Saturn a\u017c 30! Ponadto nie zawsze gdy si\u0119 spotykaj\u0105, pojawia si\u0119 to zjawisko. Wed\u0142ug naukowc\u00f3w wydarzy\u0142o si\u0119 ono tak\u017ce ponad 2000 lat temu i doprowadzi\u0142o M\u0119drc\u00f3w ze Wschodu do nowonarodzonego Jezusa w Betlejem, a wydarzenie to opisane zosta\u0142o w Biblii. Podobne zdarzenie mia\u0142o miejsce w \u015bredniowieczu, a kolejne nast\u0105pi w 2080 roku, czyli za 60 lat! Nast\u0119pne za\u015b dopiero w 2400 roku! Dlatego \u015bmia\u0142o mo\u017cemy powiedzie\u0107, \u017ce mamy ogromne szcz\u0119\u015bcie! Nie przegapcie dzi\u015b tego niezwyk\u0142ego spektaklu \u015bwietlnego widocznego, co najwa\u017cniejsze, go\u0142ym okiem!<\/p>\n","protected":false},"excerpt":{"rendered":"<p>Dzi\u015b poniedzia\u0142ek, 21 grudnia. Dla niekt\u00f3rych to po prostu kolejna data w kalendarzu, ale pod wieloma wzgl\u0119dami ten 356 dzie\u0144 2020 roku jest wyj\u0105tkowy. Dlaczego? Czym r\u00f3\u017cni si\u0119 od wszystkich pozosta\u0142ych?<\/p>\n","protected":false},"author":2,"featured_media":7635,"parent":7483,"menu_order":21,"comment_status":"closed","ping_status":"closed","template":"pt_oferta.php","meta":{"_links_to":"","_links_to_target":""},"_links":{"self":[{"href":"https:\/\/ecn.kielce.pl\/index.php\/wp-json\/wp\/v2\/pages\/7639"}],"collection":[{"href":"https:\/\/ecn.kielce.pl\/index.php\/wp-json\/wp\/v2\/pages"}],"about":[{"href":"https:\/\/ecn.kielce.pl\/index.php\/wp-json\/wp\/v2\/types\/page"}],"author":[{"embeddable":true,"href":"https:\/\/ecn.kielce.pl\/index.php\/wp-json\/wp\/v2\/users\/2"}],"replies":[{"embeddable":true,"href":"https:\/\/ecn.kielce.pl\/index.php\/wp-json\/wp\/v2\/comments?post=7639"}],"version-history":[{"count":2,"href":"https:\/\/ecn.kielce.pl\/index.php\/wp-json\/wp\/v2\/pages\/7639\/revisions"}],"predecessor-version":[{"id":7669,"href":"https:\/\/ecn.kielce.pl\/index.php\/wp-json\/wp\/v2\/pages\/7639\/revisions\/7669"}],"up":[{"embeddable":true,"href":"https:\/\/ecn.kielce.pl\/index.php\/wp-json\/wp\/v2\/pages\/7483"}],"wp:featuredmedia":[{"embeddable":true,"href":"https:\/\/ecn.kielce.pl\/index.php\/wp-json\/wp\/v2\/media\/7635"}],"wp:attachment":[{"href":"https:\/\/ecn.kielce.pl\/index.php\/wp-json\/wp\/v2\/media?parent=7639"}],"curies":[{"name":"wp","href":"https:\/\/api.w.org\/{rel}","templated":true}]}}