{"id":7622,"date":"2020-12-17T09:00:03","date_gmt":"2020-12-17T08:00:03","guid":{"rendered":"http:\/\/ecn.kielce.pl\/?page_id=7622"},"modified":"2020-12-18T15:03:51","modified_gmt":"2020-12-18T14:03:51","slug":"17-grudnia","status":"publish","type":"page","link":"https:\/\/ecn.kielce.pl\/index.php\/pl\/oferta\/ecn-on-line\/naukowy-kalendarz-adwentowy-ecn\/17-grudnia\/","title":{"rendered":"17 grudnia"},"content":{"rendered":"\n<p><strong>Cho\u0107 najbardziej charakterystycznym symbolem \u015awi\u0105t Bo\u017cego Narodzenia dla zdecydowanej wi\u0119kszo\u015bci z nas jest choinka to nie mo\u017cemy zapomina\u0107 o innej, r\u00f3wnie zielonej ro\u015blinie. A mowa tu o\u2026 jemiole. <\/strong><!--more-->Ten p\u00f3\u0142paso\u017cyt, pobieraj\u0105c z drzewa \u2013 \u017cywiciela wod\u0119 wraz z solami mineralnymi, zapewnia sobie sk\u0142adniki do prowadzenia fotosyntezy. Jednocze\u015bnie jest dla niego swoist\u0105 dekoracj\u0105, poniewa\u017c przeobra\u017ca zimowe, bezlistne drzewo w ozdobion\u0105 \u017cywymi, zielonymi \u201ebombkami\u201d ro\u015blin\u0119. Czy z tego samego powodu zawieszamy j\u0105 w swoich domach? Ot\u00f3\u017c jemio\u0142a, ju\u017c od wiek\u00f3w uznawana by\u0142a za magiczny dar od bog\u00f3w i zbierano j\u0105 z wielk\u0105 staranno\u015bci\u0105. Wierzono, \u017ce przyniesienie jej do zamieszkiwanego domostwa ochroni je przed z\u0142ymi mocami i urokami, jednocze\u015bnie zapewniaj\u0105c szcz\u0119\u015bcie i bogactwo domownikom. Najsilniejsze dzia\u0142anie mia\u0142a wykazywa\u0107 jemio\u0142a \u015bci\u0119ta w trakcie przesilenia zimowego, czyli 21\/22 grudnia. Mimo, i\u017c od tego czasu up\u0142yn\u0119\u0142o wiele, wiele lat, a ro\u015blina ta da\u0142a si\u0119 pozna\u0107 jako bogate \u017ar\u00f3d\u0142o cennych w\u0142a\u015bciwo\u015bci, wykorzystywanych w leczeniu takich schorze\u0144 jak: nadci\u015bnienie, mia\u017cd\u017cyca, ko\u0142atanie serca, czy stany zapalne kr\u0119gos\u0142upa i staw\u00f3w, to do dzi\u015b przystrajamy ni\u0105 domy w okresie Bo\u017cego Narodzenia. Wierzymy, \u017ce ca\u0142uj\u0105cy si\u0119 pod ni\u0105 ludzie zapewni\u0105 sobie w ten spos\u00f3b trwa\u0142y zwi\u0105zek oraz szcz\u0119\u015bcie na nadchodz\u0105ce lata.<\/p>\n<p>Je\u015bli i Wy kultywujecie ten zwyczaj, to pami\u0119tajcie, aby wisz\u0105ce ga\u0142\u0105zki mia\u0142y wiele owoc\u00f3w, a zasuszon\u0105 ro\u015blin\u0119 koniecznie przechowujcie do nast\u0119pnych \u015awi\u0105t Bo\u017cego Narodzenia. W ten spos\u00f3b zagwarantujecie sobie, \u017ce magiczna moc jemio\u0142y b\u0119dzie wype\u0142nia\u0107 Wasz dom przez ca\u0142y rok! I nie \u017ca\u0142ujcie jej w \u015bwi\u0105tecznych dekoracjach, bo jak g\u0142osi stare porzekad\u0142o: \u201ebez jemio\u0142y ca\u0142y roczek go\u0142y\u201d!\u00a0<\/p>\n","protected":false},"excerpt":{"rendered":"<p>Cho\u0107 najbardziej charakterystycznym symbolem \u015awi\u0105t Bo\u017cego Narodzenia dla zdecydowanej wi\u0119kszo\u015bci z nas jest choinka to nie mo\u017cemy zapomina\u0107 o innej, r\u00f3wnie zielonej ro\u015blinie. A mowa tu o\u2026 jemiole.<\/p>\n","protected":false},"author":2,"featured_media":7598,"parent":7483,"menu_order":17,"comment_status":"closed","ping_status":"closed","template":"pt_oferta.php","meta":{"_links_to":"","_links_to_target":""},"_links":{"self":[{"href":"https:\/\/ecn.kielce.pl\/index.php\/wp-json\/wp\/v2\/pages\/7622"}],"collection":[{"href":"https:\/\/ecn.kielce.pl\/index.php\/wp-json\/wp\/v2\/pages"}],"about":[{"href":"https:\/\/ecn.kielce.pl\/index.php\/wp-json\/wp\/v2\/types\/page"}],"author":[{"embeddable":true,"href":"https:\/\/ecn.kielce.pl\/index.php\/wp-json\/wp\/v2\/users\/2"}],"replies":[{"embeddable":true,"href":"https:\/\/ecn.kielce.pl\/index.php\/wp-json\/wp\/v2\/comments?post=7622"}],"version-history":[{"count":1,"href":"https:\/\/ecn.kielce.pl\/index.php\/wp-json\/wp\/v2\/pages\/7622\/revisions"}],"predecessor-version":[{"id":7623,"href":"https:\/\/ecn.kielce.pl\/index.php\/wp-json\/wp\/v2\/pages\/7622\/revisions\/7623"}],"up":[{"embeddable":true,"href":"https:\/\/ecn.kielce.pl\/index.php\/wp-json\/wp\/v2\/pages\/7483"}],"wp:featuredmedia":[{"embeddable":true,"href":"https:\/\/ecn.kielce.pl\/index.php\/wp-json\/wp\/v2\/media\/7598"}],"wp:attachment":[{"href":"https:\/\/ecn.kielce.pl\/index.php\/wp-json\/wp\/v2\/media?parent=7622"}],"curies":[{"name":"wp","href":"https:\/\/api.w.org\/{rel}","templated":true}]}}