{"id":7427,"date":"2020-11-16T08:34:26","date_gmt":"2020-11-16T07:34:26","guid":{"rendered":"http:\/\/ecn.kielce.pl\/?page_id=7427"},"modified":"2020-11-23T12:43:09","modified_gmt":"2020-11-23T11:43:09","slug":"polscy-wynalazcy-i-ich-odkrycia-ignacy-lukasiewicz","status":"publish","type":"page","link":"https:\/\/ecn.kielce.pl\/index.php\/pl\/oferta\/ecn-on-line\/polscy-wynalazcy-i-ich-odkrycia\/polscy-wynalazcy-i-ich-odkrycia-ignacy-lukasiewicz\/","title":{"rendered":"Polscy wynalazcy i ich odkrycia: Ignacy \u0141ukasiewicz"},"content":{"rendered":"\n<p><strong>Jan J\u00f3zef Ignacy \u0141ukasiewicz urodzi\u0142 si\u0119 w 23 marca 1822 roku w Zadusznikach ko\u0142o Tarnowa, w powiecie mieleckim. Pochodzi\u0142 ze zubo\u017ca\u0142ej szlachty, z rodziny inteligenckiej o ormia\u0144skich korzeniach. <\/strong><!--more--><\/p>\n<hr \/>\n<p>Mia\u0142 czworo rodze\u0144stwa: Mari\u0119, Emili\u0119, Aleksandra i Franciszka. W 1830 roku wraz z rodzin\u0105 przeni\u00f3s\u0142 si\u0119 do Rzeszowa, gdzie rozpocz\u0105\u0142 nauk\u0119 w gimnazjum i pobiera\u0142 wiedz\u0119 z \u0142aciny oraz j\u0119zyka niemieckiego. W 1836 roku jego edukacja zosta\u0142a przerwana w wyniku trudnej sytuacji finansowej rodziny. Z tego powodu Ignacy \u0141ukasiewicz zmuszony by\u0142 podj\u0105\u0107 pierwsz\u0105 prac\u0119 zarobkow\u0105 w aptece Antoniego Swobody jako praktykant. Korzy\u015b\u0107 materialna nie by\u0142a w\u00f3wczas jedyn\u0105 warto\u015bci\u0105 &#8211; zdobywa\u0142 r\u00f3wnie\u017c cenn\u0105 wiedz\u0119 z zakresu chemii i farmacji. Nabyte umiej\u0119tno\u015bci zaowocowa\u0142y zdanym egzaminem tyrocynalnym i awansem na pomocnika aptekarskiego. Przez kolejnych 6 lat pracowa\u0142 w aptece w Rzeszowie, gdzie pog\u0142\u0119bia\u0142 swoje kompetencje. Czas poza prac\u0105 wype\u0142nia\u0142a mu dzia\u0142alno\u015b\u0107 na rzecz niepodleg\u0142o\u015bci Polski. W 1845 roku zosta\u0142 agentem Centralizacji Towarzystwa Demokratycznego Polskiego, a po roku za sw\u0105 aktywn\u0105 dzia\u0142alno\u015b\u0107 aresztowano go wraz ze wsp\u00f3\u0142pracownikami i osadzono we Lwowie. Po zwolnieniu z wi\u0119zienia przebywa\u0142 pod sta\u0142\u0105 obserwacj\u0105 policji i mia\u0142 zakaz opuszczania miasta. Uniemo\u017cliwiona dzia\u0142alno\u015b\u0107 konspiracyjna zaowocowa\u0142a podj\u0119ciem pracy w aptece \u201ePod Z\u0142ota Gwiazd\u0105\u201d, kt\u00f3rej w\u0142a\u015bcicielem by\u0142 Piotr Mikolasch. Za jego wstawiennictwem Ignacy \u0141ukasiewicz otrzyma\u0142 zgod\u0119 na opuszczenie miasta.<\/p>\n<p>Zdecydowa\u0142 si\u0119 rozpocz\u0105\u0107 studia na Uniwersytecie Jagiello\u0144skim, kt\u00f3re nast\u0119pnie kontynuowa\u0142 w Wiedniu, gdzie 30 lipca 1852 roku uzyska\u0142 dyplom magistra farmacji. Po zdobyciu wykszta\u0142cenia powr\u00f3ci\u0142 do Lwowa i pracy w aptece Piotra Mikolascha. Tam te\u017c wraz z drugim asystentem, Janem Zehem, badaj\u0105c przydatno\u015b\u0107 farmaceutyczn\u0105 ropy naftowej, opracowa\u0142 metod\u0119 jej frakcjonowanej destylacji. Najistotniejszym produktem przez nich uzyskanym by\u0142a nafta. W\u00f3wczas rozpocz\u0105\u0142 si\u0119 proces znalezienia zastosowania dla uzyskanej cieczy. Konstrukcja lamp oliwnych, kt\u00f3ra nie pozwala\u0142a na zastosowanie nafty, zosta\u0142a przez Ignacego \u0141ukasiewicza przekonstruowana. I w taki oto spos\u00f3b lampa naftowa, kt\u00f3ra na pocz\u0105tku o\u015bwietla\u0142a wystaw\u0119 apteki, zosta\u0142a u\u017cyta 31 lipca 1853 roku podczas ca\u0142onocnej operacji w szpitalu lwowskim w \u0141yczakowie, a data ta sta\u0142a si\u0119 symbolicznym momentem narodzin przemys\u0142u naftowego w Polsce. Jednak wynalezienie lampy naftowej by\u0142o jedynie wst\u0119pem do rozbudowania dzia\u0142alno\u015bci przemys\u0142owej. Chc\u0105c by\u0107 blisko miejsca wydobywania ropy naftowej Ignacy \u0141ukasiewicz przeni\u00f3s\u0142 si\u0119 do Gorlic. Tam rozpocz\u0105\u0142 prac\u0119 w aptece Jana Tomaszewicza. Jednocze\u015bnie wraz z innymi w\u0142a\u015bcicielami teren\u00f3w ropono\u015bnych za\u0142o\u017cy\u0142 pierwsze sp\u00f3\u0142ki i kopalnie ropy, kt\u00f3re powsta\u0142y w rejonie Gorlic, Jas\u0142a i Krosna. Istotne znaczenie mia\u0142o otwarcie pierwszej na \u015bwiecie kopalni w B\u00f3brce ko\u0142o Krosna, kt\u00f3ra czynna jest po dzi\u015b dzie\u0144. W 1857 roku otworzy\u0142 rafineri\u0119 <br \/>w Kl\u0119czanach ko\u0142o Nowego S\u0105cza, gdzie pozyskiwano naft\u0119, smary, oleje smarne i asfalt. Wtedy te\u017c przeni\u00f3s\u0142 si\u0119 do Jas\u0142a, gdzie otworzy\u0142 w\u0142asn\u0105 aptek\u0119. By\u0142 to r\u00f3wnie\u017c czas powrotu do dzia\u0142a\u0144 spo\u0142ecznych, przejawiaj\u0105cych si\u0119 wsparciem finansowym powstania styczniowego, a p\u00f3\u017aniej pomaganiem popowstaniowym uchod\u017acom. Zaanga\u017cowany w budow\u0119 dr\u00f3g, burs, szpitali, nie zapomina\u0142 o swoich pracownikach, kt\u00f3rym zapewnia\u0142 opiek\u0119 lekarsk\u0105 i emerytury. W 1865 roku zakupi\u0142 wie\u015b Chork\u00f3wka pod Krosnem wraz z przyleg\u0142ym do niego folwarkiem Le\u015bni\u00f3wka, gdzie za\u0142o\u017cy\u0142 nowoczesn\u0105 rafineri\u0119. Po prze\u017cyciu niespe\u0142na 60 lat zmar\u0142 7 stycznia 1882 roku w Chork\u00f3wce w wyniku ci\u0119\u017ckiego zapalenia p\u0142uc, za\u015b pochowano go na cmentarzu w Zr\u0119cinie.<\/p>\n<p>Ignacy \u0141ukasiewicz zostanie zapami\u0119tany jako pionier przemys\u0142u naftowego, wynalazca, kt\u00f3ry przez ca\u0142e \u017cycie zdobywa\u0142 wiedz\u0119, szkoli\u0142 si\u0119, by rozwin\u0105\u0107 sw\u00f3j biznes, nie zapominaj\u0105c przy tym o pomocy drugiemu cz\u0142owiekowi. Za dzia\u0142alno\u015b\u0107 charytatywn\u0105 papie\u017c Pius IX w 1873 roku nada\u0142 mu tytu\u0142 Szambelana Papieskiego i odznaczy\u0142 go Orderem \u015aw. Grzegorza. By\u0142 cz\u0142onkiem wielu znamienitych towarzystw, a za swego \u017cycia otrzyma\u0142 honorowe obywatelstwo Jas\u0142a i Krosna. I cho\u0107 jego najpopularniejszy opatentowany wynalazek to lampa naftowa, kt\u00f3ra by\u0142a powszechnie wykorzystywanym \u017ar\u00f3d\u0142em \u015bwiat\u0142a a\u017c do czasu wymy\u015blenia \u017car\u00f3wki, to Ignacy \u0141ukasiewicz odznacza\u0142 si\u0119 wieloma innymi przymiotami charakterystycznymi dla najgodniejszych ludzi, czym niew\u0105tpliwie zas\u0142u\u017cy\u0142 sobie na dozgonn\u0105 pami\u0119\u0107 i wdzi\u0119czno\u015b\u0107 rodak\u00f3w.<\/p>\n<p>Fot. Wikimedia \/ Domena publiczna<\/p>\n","protected":false},"excerpt":{"rendered":"<p>Jan J\u00f3zef Ignacy \u0141ukasiewicz urodzi\u0142 si\u0119 w 23 marca 1822 roku w Zadusznikach ko\u0142o Tarnowa, w powiecie mieleckim. Pochodzi\u0142 ze zubo\u017ca\u0142ej szlachty, z rodziny inteligenckiej o ormia\u0144skich korzeniach.<\/p>\n","protected":false},"author":2,"featured_media":7428,"parent":7410,"menu_order":0,"comment_status":"closed","ping_status":"closed","template":"pt_oferta.php","meta":{"_links_to":"","_links_to_target":""},"_links":{"self":[{"href":"https:\/\/ecn.kielce.pl\/index.php\/wp-json\/wp\/v2\/pages\/7427"}],"collection":[{"href":"https:\/\/ecn.kielce.pl\/index.php\/wp-json\/wp\/v2\/pages"}],"about":[{"href":"https:\/\/ecn.kielce.pl\/index.php\/wp-json\/wp\/v2\/types\/page"}],"author":[{"embeddable":true,"href":"https:\/\/ecn.kielce.pl\/index.php\/wp-json\/wp\/v2\/users\/2"}],"replies":[{"embeddable":true,"href":"https:\/\/ecn.kielce.pl\/index.php\/wp-json\/wp\/v2\/comments?post=7427"}],"version-history":[{"count":5,"href":"https:\/\/ecn.kielce.pl\/index.php\/wp-json\/wp\/v2\/pages\/7427\/revisions"}],"predecessor-version":[{"id":7446,"href":"https:\/\/ecn.kielce.pl\/index.php\/wp-json\/wp\/v2\/pages\/7427\/revisions\/7446"}],"up":[{"embeddable":true,"href":"https:\/\/ecn.kielce.pl\/index.php\/wp-json\/wp\/v2\/pages\/7410"}],"wp:featuredmedia":[{"embeddable":true,"href":"https:\/\/ecn.kielce.pl\/index.php\/wp-json\/wp\/v2\/media\/7428"}],"wp:attachment":[{"href":"https:\/\/ecn.kielce.pl\/index.php\/wp-json\/wp\/v2\/media?parent=7427"}],"curies":[{"name":"wp","href":"https:\/\/api.w.org\/{rel}","templated":true}]}}